 {"id":2443,"date":"2025-01-19T20:30:45","date_gmt":"2025-01-19T19:30:45","guid":{"rendered":"https:\/\/dermamedk.es\/?post_type=product&#038;p=2443"},"modified":"2025-02-09T04:39:06","modified_gmt":"2025-02-09T03:39:06","slug":"conferencia-internacional-de-estetica-avanzada","status":"publish","type":"product","link":"https:\/\/dermamedk.es\/fr\/tienda\/cursos\/conferencia-internacional-de-estetica-avanzada\/","title":{"rendered":"Conf\u00e9rence internationale sur l'esth\u00e9tique avanc\u00e9e"},"content":{"rendered":"<p>Una <strong>conferencia internacional<\/strong> de primer nivel en <strong>Barcelona<\/strong> con un fuerte enfoque <strong>pr\u00e1ctico del 50%<\/strong>. Este evento exclusivo est\u00e1 limitado a <strong>25 participantes<\/strong> y ofrece <strong>16 horas<\/strong> de <strong>capacitaci\u00f3n intensiva durante dos d\u00edas<\/strong>.<\/p>\n<p><strong>Caract\u00e9ristiques principales :<\/strong><\/p>\n<p><strong>Aprendizaje en grupos peque\u00f1os:<\/strong> las sesiones te\u00f3ricas se llevar\u00e1n a cabo en un entorno grupal, mientras que la capacitaci\u00f3n pr\u00e1ctica se dividir\u00e1 en grupos de cinco para una atenci\u00f3n personalizada.<\/p>\n<p><strong>Ubicaci\u00f3n privilegiada:<\/strong> nuestro taller se llevar\u00e1 a cabo en DermamedK Academy, ubicada en el coraz\u00f3n de Barcelona, justo al lado de la ic\u00f3nica Sagrada Familia.<\/p>\n<p><strong>Pausa para el caf\u00e9 incluida.<\/strong><\/p>\n<p><strong>Programme complet : La conf\u00e9rence couvrira<\/strong><\/p>\n<hr \/>\n<p><strong><br \/>\nD\u00eda 1: 9 a 12 am<\/strong><\/p>\n<ul>\n<li>C\u00e9r\u00e9monie de bienvenue<\/li>\n<li>Distribution du mat\u00e9riel<\/li>\n<li>Pr\u00e9paration de la peau avant le traitement pour des r\u00e9sultats optimaux de l'exosome<\/li>\n<li>Techniques d'administration d'exosomes ciblant diff\u00e9rentes zones du corps\n<ul>\n<li>Pause caf\u00e9<\/li>\n<\/ul>\n<\/li>\n<li>Th\u00e9rapie par exosomes pour la croissance des cheveux<\/li>\n<li>Naviguer dans les r\u00e9glementations nationales pour l'utilisation d'appareils (dermapen, etc.)<\/li>\n<li>Exomicronderm: Peeling con exosomas.<\/li>\n<li>Botxlike: todas las t\u00e9cnicas de Botxlike, protocolo y ventajas sobre el B\u00f3tox tradicional.\n<ul>\n<li>Pause d\u00e9jeuner<\/li>\n<\/ul>\n<\/li>\n<\/ul>\n<p><strong>Tarde: 13:00 a 17:00<\/strong><\/p>\n<ul>\n<li>Pr\u00e1ctica en grupos peque\u00f1os (modelos reales) con todas las t\u00e9cnicas aprendidas por la ma\u00f1ana<\/li>\n<\/ul>\n<hr \/>\n<p><strong><br \/>\nD\u00eda 2: 9 a 12 am<\/strong><\/p>\n<ul>\n<li>Armonizaci\u00f3n facial con exosomas, \u00e1cido hialur\u00f3nico, Forcelift (hilos tensores) y b\u00f3tox.\n<ul>\n<li>Pause caf\u00e9<\/li>\n<\/ul>\n<\/li>\n<li>Labios y nariz con hialuronpen.<\/li>\n<li>Nuevas t\u00e9cnicas de est\u00e9tica regenerativa: Derplasma y Dergrowth Factor (factor del crecimiento)\n<ul>\n<li>Pause d\u00e9jeuner<\/li>\n<\/ul>\n<\/li>\n<\/ul>\n<p><strong>Tarde: 13:00 &#8211; 17:00<\/strong><\/p>\n<ul>\n<li>Pratique 4 en petits groupes (mod\u00e8les r\u00e9els)<\/li>\n<li>Remise des certificats<\/li>\n<li>C\u00e9r\u00e9monie de cl\u00f4ture<\/li>\n<\/ul>\n<hr \/>\n<p><strong><br \/>\nDetalles del evento: Fechas: 8 y 9 de marzo<\/strong><\/p>\n<p><strong>Format : hybride (en ligne et en pr\u00e9sentiel)<\/strong><\/p>\n<p><strong>Investissement :<\/strong><\/p>\n<blockquote><p><strong>Solo conferencia (total 8 horas)<\/strong><\/p><\/blockquote>\n<ul>\n<li><strong>Online: 90\u20ac<\/strong><\/li>\n<li><strong>Presencial:150\u20ac<\/strong><\/li>\n<\/ul>\n<blockquote><p><strong>Conferencia + pr\u00e1ctica (16 horas)<\/strong><\/p><\/blockquote>\n<ul>\n<li><strong>Online: 300\u20ac<\/strong><\/li>\n<li><strong>Presencial: 490\u20ac kit regalo (1 vial de cada producto)<\/strong><\/li>\n<li><strong>Presencial: 800\u20ac kit completo. Con este kit tu cl\u00ednica facturar\u00e1 m\u00ednimo 2500\u20ac<\/strong><\/li>\n<\/ul>","protected":false},"excerpt":{"rendered":"<p>Una conferencia internacional de primer nivel en Barcelona con un fuerte enfoque pr\u00e1ctico del 50%. Este evento exclusivo est\u00e1 limitado a 25 participantes y ofrece 16 horas de capacitaci\u00f3n intensiva durante dos d\u00edas. Caracter\u00edsticas principales: Aprendizaje en grupos peque\u00f1os: las sesiones te\u00f3ricas se llevar\u00e1n a cabo en un entorno grupal, mientras que la capacitaci\u00f3n pr\u00e1ctica [&hellip;]<\/p>","protected":false},"featured_media":2450,"comment_status":"open","ping_status":"closed","template":"","meta":[],"product_brand":[],"product_cat":[61],"product_tag":[],"class_list":{"0":"post-2443","1":"product","2":"type-product","3":"status-publish","4":"has-post-thumbnail","6":"product_cat-cursos","8":"first","9":"instock","10":"taxable","11":"shipping-taxable","12":"purchasable","13":"product-type-variable"},"yoast_head":"<!-- This site is optimized with the Yoast SEO plugin v23.8 - https:\/\/yoast.com\/wordpress\/plugins\/seo\/ -->\n<title>Conferencia Internacional de Est\u00e9tica Avanzada - Dermamedk<\/title>\n<meta name=\"robots\" content=\"index, follow, max-snippet:-1, max-image-preview:large, max-video-preview:-1\" \/>\n<link rel=\"canonical\" href=\"https:\/\/dermamedk.es\/fr\/tienda\/cursos\/conferencia-internacional-de-estetica-avanzada\/\" \/>\n<meta property=\"og:locale\" content=\"fr_FR\" \/>\n<meta property=\"og:type\" content=\"article\" \/>\n<meta property=\"og:title\" content=\"Conferencia Internacional de Est\u00e9tica Avanzada - Dermamedk\" \/>\n<meta property=\"og:description\" content=\"Una conferencia internacional de primer nivel en Barcelona con un fuerte enfoque pr\u00e1ctico del 50%. Este evento exclusivo est\u00e1 limitado a 25 participantes y ofrece 16 horas de capacitaci\u00f3n intensiva durante dos d\u00edas. Caracter\u00edsticas principales: Aprendizaje en grupos peque\u00f1os: las sesiones te\u00f3ricas se llevar\u00e1n a cabo en un entorno grupal, mientras que la capacitaci\u00f3n pr\u00e1ctica [&hellip;]\" \/>\n<meta property=\"og:url\" content=\"https:\/\/dermamedk.es\/fr\/tienda\/cursos\/conferencia-internacional-de-estetica-avanzada\/\" \/>\n<meta property=\"og:site_name\" content=\"Dermamedk\" \/>\n<meta property=\"article:publisher\" content=\"https:\/\/www.facebook.com\/dermamedk\" \/>\n<meta property=\"article:modified_time\" content=\"2025-02-09T03:39:06+00:00\" \/>\n<meta property=\"og:image\" content=\"https:\/\/dermamedk.es\/wp-content\/uploads\/2025\/01\/Conferencia-Internacional-de-Estetica-Avanzada-1.jpg\" \/>\n\t<meta property=\"og:image:width\" content=\"1080\" \/>\n\t<meta property=\"og:image:height\" content=\"1920\" \/>\n\t<meta property=\"og:image:type\" content=\"image\/jpeg\" \/>\n<meta name=\"twitter:card\" content=\"summary_large_image\" \/>\n<meta name=\"twitter:label1\" content=\"Dur\u00e9e de lecture estim\u00e9e\" \/>\n\t<meta name=\"twitter:data1\" content=\"2 minutes\" \/>\n<script type=\"application\/ld+json\" class=\"yoast-schema-graph\">{\"@context\":\"https:\/\/schema.org\",\"@graph\":[{\"@type\":\"WebPage\",\"@id\":\"https:\/\/dermamedk.es\/tienda\/cursos\/conferencia-internacional-de-estetica-avanzada\/\",\"url\":\"https:\/\/dermamedk.es\/tienda\/cursos\/conferencia-internacional-de-estetica-avanzada\/\",\"name\":\"Conferencia Internacional de Est\u00e9tica Avanzada - Dermamedk\",\"isPartOf\":{\"@id\":\"https:\/\/dermamedk.es\/#website\"},\"primaryImageOfPage\":{\"@id\":\"https:\/\/dermamedk.es\/tienda\/cursos\/conferencia-internacional-de-estetica-avanzada\/#primaryimage\"},\"image\":{\"@id\":\"https:\/\/dermamedk.es\/tienda\/cursos\/conferencia-internacional-de-estetica-avanzada\/#primaryimage\"},\"thumbnailUrl\":\"https:\/\/dermamedk.es\/wp-content\/uploads\/2025\/01\/Conferencia-Internacional-de-Estetica-Avanzada-1.jpg\",\"datePublished\":\"2025-01-19T19:30:45+00:00\",\"dateModified\":\"2025-02-09T03:39:06+00:00\",\"breadcrumb\":{\"@id\":\"https:\/\/dermamedk.es\/tienda\/cursos\/conferencia-internacional-de-estetica-avanzada\/#breadcrumb\"},\"inLanguage\":\"fr-FR\",\"potentialAction\":[{\"@type\":\"ReadAction\",\"target\":[\"https:\/\/dermamedk.es\/tienda\/cursos\/conferencia-internacional-de-estetica-avanzada\/\"]}]},{\"@type\":\"ImageObject\",\"inLanguage\":\"fr-FR\",\"@id\":\"https:\/\/dermamedk.es\/tienda\/cursos\/conferencia-internacional-de-estetica-avanzada\/#primaryimage\",\"url\":\"https:\/\/dermamedk.es\/wp-content\/uploads\/2025\/01\/Conferencia-Internacional-de-Estetica-Avanzada-1.jpg\",\"contentUrl\":\"https:\/\/dermamedk.es\/wp-content\/uploads\/2025\/01\/Conferencia-Internacional-de-Estetica-Avanzada-1.jpg\",\"width\":1080,\"height\":1920},{\"@type\":\"BreadcrumbList\",\"@id\":\"https:\/\/dermamedk.es\/tienda\/cursos\/conferencia-internacional-de-estetica-avanzada\/#breadcrumb\",\"itemListElement\":[{\"@type\":\"ListItem\",\"position\":1,\"name\":\"Home\",\"item\":\"https:\/\/dermamedk.es\/\"},{\"@type\":\"ListItem\",\"position\":2,\"name\":\"Tienda\",\"item\":\"https:\/\/dermamedk.es\/tienda-dermamedk\/\"},{\"@type\":\"ListItem\",\"position\":3,\"name\":\"Conferencia Internacional de Est\u00e9tica Avanzada\"}]},{\"@type\":\"WebSite\",\"@id\":\"https:\/\/dermamedk.es\/#website\",\"url\":\"https:\/\/dermamedk.es\/\",\"name\":\"DermamedK | La elecci\u00f3n perfecta para tu cuidado de la piel\",\"description\":\"Lo mejor para el cuidado de tu piel\",\"publisher\":{\"@id\":\"https:\/\/dermamedk.es\/#organization\"},\"potentialAction\":[{\"@type\":\"SearchAction\",\"target\":{\"@type\":\"EntryPoint\",\"urlTemplate\":\"https:\/\/dermamedk.es\/?s={search_term_string}\"},\"query-input\":{\"@type\":\"PropertyValueSpecification\",\"valueRequired\":true,\"valueName\":\"search_term_string\"}}],\"inLanguage\":\"fr-FR\"},{\"@type\":\"Organization\",\"@id\":\"https:\/\/dermamedk.es\/#organization\",\"name\":\"DermamedK | La elecci\u00f3n perfecta para tu cuidado de la piel\",\"url\":\"https:\/\/dermamedk.es\/\",\"logo\":{\"@type\":\"ImageObject\",\"inLanguage\":\"fr-FR\",\"@id\":\"https:\/\/dermamedk.es\/#\/schema\/logo\/image\/\",\"url\":\"https:\/\/dermamedk.es\/wp-content\/uploads\/2023\/04\/logo-150.webp\",\"contentUrl\":\"https:\/\/dermamedk.es\/wp-content\/uploads\/2023\/04\/logo-150.webp\",\"width\":180,\"height\":212,\"caption\":\"DermamedK | La elecci\u00f3n perfecta para tu cuidado de la piel\"},\"image\":{\"@id\":\"https:\/\/dermamedk.es\/#\/schema\/logo\/image\/\"},\"sameAs\":[\"https:\/\/www.facebook.com\/dermamedk\",\"https:\/\/www.instagram.com\/dermamedk\/\"]}]}<\/script>\n<!-- \/ Yoast SEO plugin. -->","yoast_head_json":{"title":"Conferencia Internacional de Est\u00e9tica Avanzada - Dermamedk","robots":{"index":"index","follow":"follow","max-snippet":"max-snippet:-1","max-image-preview":"max-image-preview:large","max-video-preview":"max-video-preview:-1"},"canonical":"https:\/\/dermamedk.es\/fr\/tienda\/cursos\/conferencia-internacional-de-estetica-avanzada\/","og_locale":"fr_FR","og_type":"article","og_title":"Conferencia Internacional de Est\u00e9tica Avanzada - Dermamedk","og_description":"Una conferencia internacional de primer nivel en Barcelona con un fuerte enfoque pr\u00e1ctico del 50%. Este evento exclusivo est\u00e1 limitado a 25 participantes y ofrece 16 horas de capacitaci\u00f3n intensiva durante dos d\u00edas. Caracter\u00edsticas principales: Aprendizaje en grupos peque\u00f1os: las sesiones te\u00f3ricas se llevar\u00e1n a cabo en un entorno grupal, mientras que la capacitaci\u00f3n pr\u00e1ctica [&hellip;]","og_url":"https:\/\/dermamedk.es\/fr\/tienda\/cursos\/conferencia-internacional-de-estetica-avanzada\/","og_site_name":"Dermamedk","article_publisher":"https:\/\/www.facebook.com\/dermamedk","article_modified_time":"2025-02-09T03:39:06+00:00","og_image":[{"width":1080,"height":1920,"url":"https:\/\/dermamedk.es\/wp-content\/uploads\/2025\/01\/Conferencia-Internacional-de-Estetica-Avanzada-1.jpg","type":"image\/jpeg"}],"twitter_card":"summary_large_image","twitter_misc":{"Dur\u00e9e de lecture estim\u00e9e":"2 minutes"},"schema":{"@context":"https:\/\/schema.org","@graph":[{"@type":"WebPage","@id":"https:\/\/dermamedk.es\/tienda\/cursos\/conferencia-internacional-de-estetica-avanzada\/","url":"https:\/\/dermamedk.es\/tienda\/cursos\/conferencia-internacional-de-estetica-avanzada\/","name":"Conferencia Internacional de Est\u00e9tica Avanzada - Dermamedk","isPartOf":{"@id":"https:\/\/dermamedk.es\/#website"},"primaryImageOfPage":{"@id":"https:\/\/dermamedk.es\/tienda\/cursos\/conferencia-internacional-de-estetica-avanzada\/#primaryimage"},"image":{"@id":"https:\/\/dermamedk.es\/tienda\/cursos\/conferencia-internacional-de-estetica-avanzada\/#primaryimage"},"thumbnailUrl":"https:\/\/dermamedk.es\/wp-content\/uploads\/2025\/01\/Conferencia-Internacional-de-Estetica-Avanzada-1.jpg","datePublished":"2025-01-19T19:30:45+00:00","dateModified":"2025-02-09T03:39:06+00:00","breadcrumb":{"@id":"https:\/\/dermamedk.es\/tienda\/cursos\/conferencia-internacional-de-estetica-avanzada\/#breadcrumb"},"inLanguage":"fr-FR","potentialAction":[{"@type":"ReadAction","target":["https:\/\/dermamedk.es\/tienda\/cursos\/conferencia-internacional-de-estetica-avanzada\/"]}]},{"@type":"ImageObject","inLanguage":"fr-FR","@id":"https:\/\/dermamedk.es\/tienda\/cursos\/conferencia-internacional-de-estetica-avanzada\/#primaryimage","url":"https:\/\/dermamedk.es\/wp-content\/uploads\/2025\/01\/Conferencia-Internacional-de-Estetica-Avanzada-1.jpg","contentUrl":"https:\/\/dermamedk.es\/wp-content\/uploads\/2025\/01\/Conferencia-Internacional-de-Estetica-Avanzada-1.jpg","width":1080,"height":1920},{"@type":"BreadcrumbList","@id":"https:\/\/dermamedk.es\/tienda\/cursos\/conferencia-internacional-de-estetica-avanzada\/#breadcrumb","itemListElement":[{"@type":"ListItem","position":1,"name":"Home","item":"https:\/\/dermamedk.es\/"},{"@type":"ListItem","position":2,"name":"Tienda","item":"https:\/\/dermamedk.es\/tienda-dermamedk\/"},{"@type":"ListItem","position":3,"name":"Conferencia Internacional de Est\u00e9tica Avanzada"}]},{"@type":"WebSite","@id":"https:\/\/dermamedk.es\/#website","url":"https:\/\/dermamedk.es\/","name":"DermamedK | La elecci\u00f3n perfecta para tu cuidado de la piel","description":"Lo mejor para el cuidado de tu piel","publisher":{"@id":"https:\/\/dermamedk.es\/#organization"},"potentialAction":[{"@type":"SearchAction","target":{"@type":"EntryPoint","urlTemplate":"https:\/\/dermamedk.es\/?s={search_term_string}"},"query-input":{"@type":"PropertyValueSpecification","valueRequired":true,"valueName":"search_term_string"}}],"inLanguage":"fr-FR"},{"@type":"Organization","@id":"https:\/\/dermamedk.es\/#organization","name":"DermamedK | La elecci\u00f3n perfecta para tu cuidado de la piel","url":"https:\/\/dermamedk.es\/","logo":{"@type":"ImageObject","inLanguage":"fr-FR","@id":"https:\/\/dermamedk.es\/#\/schema\/logo\/image\/","url":"https:\/\/dermamedk.es\/wp-content\/uploads\/2023\/04\/logo-150.webp","contentUrl":"https:\/\/dermamedk.es\/wp-content\/uploads\/2023\/04\/logo-150.webp","width":180,"height":212,"caption":"DermamedK | La elecci\u00f3n perfecta para tu cuidado de la piel"},"image":{"@id":"https:\/\/dermamedk.es\/#\/schema\/logo\/image\/"},"sameAs":["https:\/\/www.facebook.com\/dermamedk","https:\/\/www.instagram.com\/dermamedk\/"]}]}},"_links":{"self":[{"href":"https:\/\/dermamedk.es\/fr\/wp-json\/wp\/v2\/product\/2443","targetHints":{"allow":["GET"]}}],"collection":[{"href":"https:\/\/dermamedk.es\/fr\/wp-json\/wp\/v2\/product"}],"about":[{"href":"https:\/\/dermamedk.es\/fr\/wp-json\/wp\/v2\/types\/product"}],"replies":[{"embeddable":true,"href":"https:\/\/dermamedk.es\/fr\/wp-json\/wp\/v2\/comments?post=2443"}],"version-history":[{"count":8,"href":"https:\/\/dermamedk.es\/fr\/wp-json\/wp\/v2\/product\/2443\/revisions"}],"predecessor-version":[{"id":2470,"href":"https:\/\/dermamedk.es\/fr\/wp-json\/wp\/v2\/product\/2443\/revisions\/2470"}],"wp:featuredmedia":[{"embeddable":true,"href":"https:\/\/dermamedk.es\/fr\/wp-json\/wp\/v2\/media\/2450"}],"wp:attachment":[{"href":"https:\/\/dermamedk.es\/fr\/wp-json\/wp\/v2\/media?parent=2443"}],"wp:term":[{"taxonomy":"product_brand","embeddable":true,"href":"https:\/\/dermamedk.es\/fr\/wp-json\/wp\/v2\/product_brand?post=2443"},{"taxonomy":"product_cat","embeddable":true,"href":"https:\/\/dermamedk.es\/fr\/wp-json\/wp\/v2\/product_cat?post=2443"},{"taxonomy":"product_tag","embeddable":true,"href":"https:\/\/dermamedk.es\/fr\/wp-json\/wp\/v2\/product_tag?post=2443"}],"curies":[{"name":"wp","href":"https:\/\/api.w.org\/{rel}","templated":true}]}}