 {"id":1113,"date":"2023-05-03T02:28:37","date_gmt":"2023-05-03T02:28:37","guid":{"rendered":"https:\/\/dermamedk.es\/?post_type=product&#038;p=1113"},"modified":"2023-09-19T18:48:27","modified_gmt":"2023-09-19T16:48:27","slug":"gel-cuidado-intensivo-glicolico","status":"publish","type":"product","link":"https:\/\/dermamedk.es\/fr\/tienda\/facial\/piel-mixta-y-grasa\/gel-cuidado-intensivo-glicolico\/","title":{"rendered":"GEL DE SOIN INTENSIF GLYCOLIQUE"},"content":{"rendered":"<p>Gel pour le soin quotidien des peaux mixtes grasses et\/ou acn\u00e9iques. La combinaison d'ingr\u00e9dients actifs aide \u00e0<br \/>\npour contr\u00f4ler la croissance bact\u00e9rienne et r\u00e9duire la taille des pores. Il cr\u00e9e \u00e9galement un aspect plus uniforme<br \/>\nde la peau en produisant une micro exfoliation. Il en r\u00e9sulte une att\u00e9nuation des l\u00e9sions acn\u00e9iques et une am\u00e9lioration de l'aspect de la peau.<br \/>\nun teint plus uniforme sans alt\u00e9rer la barri\u00e8re cutan\u00e9e.<br \/>\nMode d'emploi : Appliquer matin et soir en massant l\u00e9g\u00e8rement jusqu'\u00e0 absorption compl\u00e8te. En cas d'irritation, interrompre l'utilisation.<br \/>\nPrincipes actifs : Cytobiol\u2122 Iris A\u00b2 4%, acide glycolique tamponn\u00e9 3%, acide salicylique 2%, camomille 4%, hamam\u00e9lis 8%, calendula, acide hyaluronique et Rhamnosoft\u00ae.<br \/>\nPr\u00e9sentation : 50 ml<br \/>\nR\u00e9f. : FCGIGL<\/p>","protected":false},"excerpt":{"rendered":"<p>Gel para el cuidado diario de las pieles mixtas grasas y\/o tendencia acn\u00e9ica. La combinaci\u00f3n de activos ayuda a controlar la proliferaci\u00f3n bacteriana y a reducir el tama\u00f1o del poro. Adem\u00e1s, genera un aspecto m\u00e1s uniforme de la piel al producir micro exfoliaci\u00f3n. Gracias a ello atenuamos las lesiones acn\u00e9icas y generamos un aspecto m\u00e1s [&hellip;]<\/p>","protected":false},"featured_media":1114,"comment_status":"open","ping_status":"closed","template":"","meta":[],"product_brand":[],"product_cat":[18,24,30,43],"product_tag":[],"class_list":{"0":"post-1113","1":"product","2":"type-product","3":"status-publish","4":"has-post-thumbnail","6":"product_cat-tienda","7":"product_cat-facial","8":"product_cat-piel-mixta-y-grasa","9":"product_cat-productos-cosmetologicos","11":"first","12":"instock","13":"taxable","14":"shipping-taxable","15":"purchasable","16":"product-type-simple"},"yoast_head":"<!-- This site is optimized with the Yoast SEO plugin v23.8 - https:\/\/yoast.com\/wordpress\/plugins\/seo\/ -->\n<title>GEL CUIDADO INTENSIVO GLIC\u00d3LICO - Dermamedk<\/title>\n<meta name=\"description\" content=\"GEL CUIDADO INTENSIVO GLIC\u00d3LICO La combinaci\u00f3n de activos ayudaa controlar la proliferaci\u00f3n bacteriana y a reducir el tama\u00f1o del poro.\" \/>\n<meta name=\"robots\" content=\"index, follow, max-snippet:-1, max-image-preview:large, max-video-preview:-1\" \/>\n<link rel=\"canonical\" href=\"https:\/\/dermamedk.es\/fr\/tienda\/facial\/piel-mixta-y-grasa\/gel-cuidado-intensivo-glicolico\/\" \/>\n<meta property=\"og:locale\" content=\"fr_FR\" \/>\n<meta property=\"og:type\" content=\"article\" \/>\n<meta property=\"og:title\" content=\"GEL CUIDADO INTENSIVO GLIC\u00d3LICO - Dermamedk\" \/>\n<meta property=\"og:description\" content=\"GEL CUIDADO INTENSIVO GLIC\u00d3LICO La combinaci\u00f3n de activos ayudaa controlar la proliferaci\u00f3n bacteriana y a reducir el tama\u00f1o del poro.\" \/>\n<meta property=\"og:url\" content=\"https:\/\/dermamedk.es\/fr\/tienda\/facial\/piel-mixta-y-grasa\/gel-cuidado-intensivo-glicolico\/\" \/>\n<meta property=\"og:site_name\" content=\"Dermamedk\" \/>\n<meta property=\"article:publisher\" content=\"https:\/\/www.facebook.com\/dermamedk\" \/>\n<meta property=\"article:modified_time\" content=\"2023-09-19T16:48:27+00:00\" \/>\n<meta property=\"og:image\" content=\"https:\/\/dermamedk.es\/wp-content\/uploads\/2023\/05\/GEL-CUIDADO-INTENSIVO-GLICOLICO.jpeg\" \/>\n\t<meta property=\"og:image:width\" content=\"421\" \/>\n\t<meta property=\"og:image:height\" content=\"512\" \/>\n\t<meta property=\"og:image:type\" content=\"image\/jpeg\" \/>\n<meta name=\"twitter:card\" content=\"summary_large_image\" \/>\n<meta name=\"twitter:label1\" content=\"Dur\u00e9e de lecture estim\u00e9e\" \/>\n\t<meta name=\"twitter:data1\" content=\"1 minute\" \/>\n<script type=\"application\/ld+json\" class=\"yoast-schema-graph\">{\"@context\":\"https:\/\/schema.org\",\"@graph\":[{\"@type\":\"WebPage\",\"@id\":\"https:\/\/dermamedk.es\/tienda\/facial\/piel-mixta-y-grasa\/gel-cuidado-intensivo-glicolico\/\",\"url\":\"https:\/\/dermamedk.es\/tienda\/facial\/piel-mixta-y-grasa\/gel-cuidado-intensivo-glicolico\/\",\"name\":\"GEL CUIDADO INTENSIVO GLIC\u00d3LICO - Dermamedk\",\"isPartOf\":{\"@id\":\"https:\/\/dermamedk.es\/#website\"},\"primaryImageOfPage\":{\"@id\":\"https:\/\/dermamedk.es\/tienda\/facial\/piel-mixta-y-grasa\/gel-cuidado-intensivo-glicolico\/#primaryimage\"},\"image\":{\"@id\":\"https:\/\/dermamedk.es\/tienda\/facial\/piel-mixta-y-grasa\/gel-cuidado-intensivo-glicolico\/#primaryimage\"},\"thumbnailUrl\":\"https:\/\/dermamedk.es\/wp-content\/uploads\/2023\/05\/GEL-CUIDADO-INTENSIVO-GLICOLICO.jpeg\",\"datePublished\":\"2023-05-03T02:28:37+00:00\",\"dateModified\":\"2023-09-19T16:48:27+00:00\",\"description\":\"GEL CUIDADO INTENSIVO GLIC\u00d3LICO La combinaci\u00f3n de activos ayudaa controlar la proliferaci\u00f3n bacteriana y a reducir el tama\u00f1o del poro.\",\"breadcrumb\":{\"@id\":\"https:\/\/dermamedk.es\/tienda\/facial\/piel-mixta-y-grasa\/gel-cuidado-intensivo-glicolico\/#breadcrumb\"},\"inLanguage\":\"fr-FR\",\"potentialAction\":[{\"@type\":\"ReadAction\",\"target\":[\"https:\/\/dermamedk.es\/tienda\/facial\/piel-mixta-y-grasa\/gel-cuidado-intensivo-glicolico\/\"]}]},{\"@type\":\"ImageObject\",\"inLanguage\":\"fr-FR\",\"@id\":\"https:\/\/dermamedk.es\/tienda\/facial\/piel-mixta-y-grasa\/gel-cuidado-intensivo-glicolico\/#primaryimage\",\"url\":\"https:\/\/dermamedk.es\/wp-content\/uploads\/2023\/05\/GEL-CUIDADO-INTENSIVO-GLICOLICO.jpeg\",\"contentUrl\":\"https:\/\/dermamedk.es\/wp-content\/uploads\/2023\/05\/GEL-CUIDADO-INTENSIVO-GLICOLICO.jpeg\",\"width\":421,\"height\":512,\"caption\":\"GEL CUIDADO INTENSIVO GLIC\u00d3LICO\"},{\"@type\":\"BreadcrumbList\",\"@id\":\"https:\/\/dermamedk.es\/tienda\/facial\/piel-mixta-y-grasa\/gel-cuidado-intensivo-glicolico\/#breadcrumb\",\"itemListElement\":[{\"@type\":\"ListItem\",\"position\":1,\"name\":\"Home\",\"item\":\"https:\/\/dermamedk.es\/\"},{\"@type\":\"ListItem\",\"position\":2,\"name\":\"Tienda\",\"item\":\"https:\/\/dermamedk.es\/tienda-dermamedk\/\"},{\"@type\":\"ListItem\",\"position\":3,\"name\":\"GEL CUIDADO INTENSIVO GLIC\u00d3LICO\"}]},{\"@type\":\"WebSite\",\"@id\":\"https:\/\/dermamedk.es\/#website\",\"url\":\"https:\/\/dermamedk.es\/\",\"name\":\"DermamedK | La elecci\u00f3n perfecta para tu cuidado de la piel\",\"description\":\"Lo mejor para el cuidado de tu piel\",\"publisher\":{\"@id\":\"https:\/\/dermamedk.es\/#organization\"},\"potentialAction\":[{\"@type\":\"SearchAction\",\"target\":{\"@type\":\"EntryPoint\",\"urlTemplate\":\"https:\/\/dermamedk.es\/?s={search_term_string}\"},\"query-input\":{\"@type\":\"PropertyValueSpecification\",\"valueRequired\":true,\"valueName\":\"search_term_string\"}}],\"inLanguage\":\"fr-FR\"},{\"@type\":\"Organization\",\"@id\":\"https:\/\/dermamedk.es\/#organization\",\"name\":\"DermamedK | La elecci\u00f3n perfecta para tu cuidado de la piel\",\"url\":\"https:\/\/dermamedk.es\/\",\"logo\":{\"@type\":\"ImageObject\",\"inLanguage\":\"fr-FR\",\"@id\":\"https:\/\/dermamedk.es\/#\/schema\/logo\/image\/\",\"url\":\"https:\/\/dermamedk.es\/wp-content\/uploads\/2023\/04\/logo-150.webp\",\"contentUrl\":\"https:\/\/dermamedk.es\/wp-content\/uploads\/2023\/04\/logo-150.webp\",\"width\":180,\"height\":212,\"caption\":\"DermamedK | La elecci\u00f3n perfecta para tu cuidado de la piel\"},\"image\":{\"@id\":\"https:\/\/dermamedk.es\/#\/schema\/logo\/image\/\"},\"sameAs\":[\"https:\/\/www.facebook.com\/dermamedk\",\"https:\/\/www.instagram.com\/dermamedk\/\"]}]}<\/script>\n<!-- \/ Yoast SEO plugin. -->","yoast_head_json":{"title":"GEL CUIDADO INTENSIVO GLIC\u00d3LICO - Dermamedk","description":"GEL CUIDADO INTENSIVO GLIC\u00d3LICO La combinaci\u00f3n de activos ayudaa controlar la proliferaci\u00f3n bacteriana y a reducir el tama\u00f1o del poro.","robots":{"index":"index","follow":"follow","max-snippet":"max-snippet:-1","max-image-preview":"max-image-preview:large","max-video-preview":"max-video-preview:-1"},"canonical":"https:\/\/dermamedk.es\/fr\/tienda\/facial\/piel-mixta-y-grasa\/gel-cuidado-intensivo-glicolico\/","og_locale":"fr_FR","og_type":"article","og_title":"GEL CUIDADO INTENSIVO GLIC\u00d3LICO - Dermamedk","og_description":"GEL CUIDADO INTENSIVO GLIC\u00d3LICO La combinaci\u00f3n de activos ayudaa controlar la proliferaci\u00f3n bacteriana y a reducir el tama\u00f1o del poro.","og_url":"https:\/\/dermamedk.es\/fr\/tienda\/facial\/piel-mixta-y-grasa\/gel-cuidado-intensivo-glicolico\/","og_site_name":"Dermamedk","article_publisher":"https:\/\/www.facebook.com\/dermamedk","article_modified_time":"2023-09-19T16:48:27+00:00","og_image":[{"width":421,"height":512,"url":"https:\/\/dermamedk.es\/wp-content\/uploads\/2023\/05\/GEL-CUIDADO-INTENSIVO-GLICOLICO.jpeg","type":"image\/jpeg"}],"twitter_card":"summary_large_image","twitter_misc":{"Dur\u00e9e de lecture estim\u00e9e":"1 minute"},"schema":{"@context":"https:\/\/schema.org","@graph":[{"@type":"WebPage","@id":"https:\/\/dermamedk.es\/tienda\/facial\/piel-mixta-y-grasa\/gel-cuidado-intensivo-glicolico\/","url":"https:\/\/dermamedk.es\/tienda\/facial\/piel-mixta-y-grasa\/gel-cuidado-intensivo-glicolico\/","name":"GEL CUIDADO INTENSIVO GLIC\u00d3LICO - Dermamedk","isPartOf":{"@id":"https:\/\/dermamedk.es\/#website"},"primaryImageOfPage":{"@id":"https:\/\/dermamedk.es\/tienda\/facial\/piel-mixta-y-grasa\/gel-cuidado-intensivo-glicolico\/#primaryimage"},"image":{"@id":"https:\/\/dermamedk.es\/tienda\/facial\/piel-mixta-y-grasa\/gel-cuidado-intensivo-glicolico\/#primaryimage"},"thumbnailUrl":"https:\/\/dermamedk.es\/wp-content\/uploads\/2023\/05\/GEL-CUIDADO-INTENSIVO-GLICOLICO.jpeg","datePublished":"2023-05-03T02:28:37+00:00","dateModified":"2023-09-19T16:48:27+00:00","description":"GEL CUIDADO INTENSIVO GLIC\u00d3LICO La combinaci\u00f3n de activos ayudaa controlar la proliferaci\u00f3n bacteriana y a reducir el tama\u00f1o del poro.","breadcrumb":{"@id":"https:\/\/dermamedk.es\/tienda\/facial\/piel-mixta-y-grasa\/gel-cuidado-intensivo-glicolico\/#breadcrumb"},"inLanguage":"fr-FR","potentialAction":[{"@type":"ReadAction","target":["https:\/\/dermamedk.es\/tienda\/facial\/piel-mixta-y-grasa\/gel-cuidado-intensivo-glicolico\/"]}]},{"@type":"ImageObject","inLanguage":"fr-FR","@id":"https:\/\/dermamedk.es\/tienda\/facial\/piel-mixta-y-grasa\/gel-cuidado-intensivo-glicolico\/#primaryimage","url":"https:\/\/dermamedk.es\/wp-content\/uploads\/2023\/05\/GEL-CUIDADO-INTENSIVO-GLICOLICO.jpeg","contentUrl":"https:\/\/dermamedk.es\/wp-content\/uploads\/2023\/05\/GEL-CUIDADO-INTENSIVO-GLICOLICO.jpeg","width":421,"height":512,"caption":"GEL CUIDADO INTENSIVO GLIC\u00d3LICO"},{"@type":"BreadcrumbList","@id":"https:\/\/dermamedk.es\/tienda\/facial\/piel-mixta-y-grasa\/gel-cuidado-intensivo-glicolico\/#breadcrumb","itemListElement":[{"@type":"ListItem","position":1,"name":"Home","item":"https:\/\/dermamedk.es\/"},{"@type":"ListItem","position":2,"name":"Tienda","item":"https:\/\/dermamedk.es\/tienda-dermamedk\/"},{"@type":"ListItem","position":3,"name":"GEL CUIDADO INTENSIVO GLIC\u00d3LICO"}]},{"@type":"WebSite","@id":"https:\/\/dermamedk.es\/#website","url":"https:\/\/dermamedk.es\/","name":"DermamedK | La elecci\u00f3n perfecta para tu cuidado de la piel","description":"Lo mejor para el cuidado de tu piel","publisher":{"@id":"https:\/\/dermamedk.es\/#organization"},"potentialAction":[{"@type":"SearchAction","target":{"@type":"EntryPoint","urlTemplate":"https:\/\/dermamedk.es\/?s={search_term_string}"},"query-input":{"@type":"PropertyValueSpecification","valueRequired":true,"valueName":"search_term_string"}}],"inLanguage":"fr-FR"},{"@type":"Organization","@id":"https:\/\/dermamedk.es\/#organization","name":"DermamedK | La elecci\u00f3n perfecta para tu cuidado de la piel","url":"https:\/\/dermamedk.es\/","logo":{"@type":"ImageObject","inLanguage":"fr-FR","@id":"https:\/\/dermamedk.es\/#\/schema\/logo\/image\/","url":"https:\/\/dermamedk.es\/wp-content\/uploads\/2023\/04\/logo-150.webp","contentUrl":"https:\/\/dermamedk.es\/wp-content\/uploads\/2023\/04\/logo-150.webp","width":180,"height":212,"caption":"DermamedK | La elecci\u00f3n perfecta para tu cuidado de la piel"},"image":{"@id":"https:\/\/dermamedk.es\/#\/schema\/logo\/image\/"},"sameAs":["https:\/\/www.facebook.com\/dermamedk","https:\/\/www.instagram.com\/dermamedk\/"]}]}},"_links":{"self":[{"href":"https:\/\/dermamedk.es\/fr\/wp-json\/wp\/v2\/product\/1113","targetHints":{"allow":["GET"]}}],"collection":[{"href":"https:\/\/dermamedk.es\/fr\/wp-json\/wp\/v2\/product"}],"about":[{"href":"https:\/\/dermamedk.es\/fr\/wp-json\/wp\/v2\/types\/product"}],"replies":[{"embeddable":true,"href":"https:\/\/dermamedk.es\/fr\/wp-json\/wp\/v2\/comments?post=1113"}],"version-history":[{"count":3,"href":"https:\/\/dermamedk.es\/fr\/wp-json\/wp\/v2\/product\/1113\/revisions"}],"predecessor-version":[{"id":1454,"href":"https:\/\/dermamedk.es\/fr\/wp-json\/wp\/v2\/product\/1113\/revisions\/1454"}],"wp:featuredmedia":[{"embeddable":true,"href":"https:\/\/dermamedk.es\/fr\/wp-json\/wp\/v2\/media\/1114"}],"wp:attachment":[{"href":"https:\/\/dermamedk.es\/fr\/wp-json\/wp\/v2\/media?parent=1113"}],"wp:term":[{"taxonomy":"product_brand","embeddable":true,"href":"https:\/\/dermamedk.es\/fr\/wp-json\/wp\/v2\/product_brand?post=1113"},{"taxonomy":"product_cat","embeddable":true,"href":"https:\/\/dermamedk.es\/fr\/wp-json\/wp\/v2\/product_cat?post=1113"},{"taxonomy":"product_tag","embeddable":true,"href":"https:\/\/dermamedk.es\/fr\/wp-json\/wp\/v2\/product_tag?post=1113"}],"curies":[{"name":"wp","href":"https:\/\/api.w.org\/{rel}","templated":true}]}}